{"id":220,"date":"2022-04-02T17:23:08","date_gmt":"2022-04-02T17:23:08","guid":{"rendered":"http:\/\/www.oekumenische-energiegenossenschaft.de\/home\/?page_id=220"},"modified":"2022-04-02T20:48:59","modified_gmt":"2022-04-02T20:48:59","slug":"haeufig-gestellte-fragen","status":"publish","type":"page","link":"https:\/\/www.oekumenische-energiegenossenschaft.de\/home\/haeufig-gestellte-fragen\/","title":{"rendered":"H\u00e4ufig gestellte Fragen"},"content":{"rendered":"\n<div class=\"wp-block-columns is-layout-flex wp-container-core-columns-is-layout-9d6595d7 wp-block-columns-is-layout-flex\">\n<div class=\"wp-block-column is-layout-flow wp-block-column-is-layout-flow\" style=\"flex-basis:33.34%\">\n<div class=\"wp-block-buttons is-layout-flex wp-block-buttons-is-layout-flex\">\n<div class=\"wp-block-button\"><a class=\"wp-block-button__link\" href=\"https:\/\/www.oekumenische-energiegenossenschaft.de\/home\/haeufig-gestellte-fragen#Genossenschaft\">Genossenschaft<\/a><\/div>\n<\/div>\n<\/div>\n\n\n\n<div class=\"wp-block-column is-layout-flow wp-block-column-is-layout-flow\" style=\"flex-basis:33.34%\">\n<div class=\"wp-block-buttons is-layout-flex wp-block-buttons-is-layout-flex\">\n<div class=\"wp-block-button\"><a class=\"wp-block-button__link\" href=\"https:\/\/www.oekumenische-energiegenossenschaft.de\/home\/haeufig-gestellte-fragen#FAQ-Photovoltaik\">Photovoltaik<\/a><\/div>\n<\/div>\n<\/div>\n\n\n\n<div class=\"wp-block-column is-layout-flow wp-block-column-is-layout-flow\" style=\"flex-basis:33.33%\">\n<div class=\"wp-block-buttons is-layout-flex wp-block-buttons-is-layout-flex\">\n<div class=\"wp-block-button\"><a class=\"wp-block-button__link\" href=\"https:\/\/www.oekumenische-energiegenossenschaft.de\/home\/haeufig-gestellte-fragen#FAQ-Kooperation\">Kooperation<\/a><\/div>\n<\/div>\n<\/div>\n<\/div>\n\n\n\n<h1 class=\"wp-block-heading\" id=\"FAQ-Genossenschaft\">zur Genossenschaft<\/h1>\n\n\n<style>#sp-ea-224 .spcollapsing { height: 0; overflow: hidden; transition-property: height;transition-duration: 300ms;}#sp-ea-224.sp-easy-accordion>.sp-ea-single {margin-bottom: 10px; border: 1px solid #e2e2e2; }#sp-ea-224.sp-easy-accordion>.sp-ea-single>.ea-header a {color: #444;}#sp-ea-224.sp-easy-accordion>.sp-ea-single>.sp-collapse>.ea-body {background: #fff; color: #444;}#sp-ea-224.sp-easy-accordion>.sp-ea-single {background: #eee;}#sp-ea-224.sp-easy-accordion>.sp-ea-single>.ea-header a .ea-expand-icon { float: left; color: #444;font-size: 16px;}<\/style><div id=\"sp_easy_accordion-1777533181\"><div id=\"sp-ea-224\" class=\"sp-ea-one sp-easy-accordion\" data-ea-active=\"ea-click\" data-ea-mode=\"vertical\" data-preloader=\"\" data-scroll-active-item=\"\" data-offset-to-scroll=\"0\"><div class=\"ea-card ea-expand sp-ea-single\"><h3 class=\"ea-header\"><a class=\"collapsed\" id=\"ea-header-2240\" role=\"button\" data-sptoggle=\"spcollapse\" data-sptarget=\"#collapse2240\" aria-controls=\"collapse2240\" href=\"#\" aria-expanded=\"true\" tabindex=\"0\"><i aria-hidden=\"true\" role=\"presentation\" class=\"ea-expand-icon eap-icon-ea-expand-minus\"><\/i> Wie kann ich Mitglied werden<\/a><\/h3><div class=\"sp-collapse spcollapse collapsed show\" id=\"collapse2240\" data-parent=\"#sp-ea-224\" role=\"region\" aria-labelledby=\"ea-header-2240\"> <div class=\"ea-body\"><p>Es freut uns sehr, dass Sie Interesse an der Genossenschaft haben. Kontaktieren Sie uns, ode schicken uns direkt eine ausgef\u00fcllte <a href=\"http:\/\/www.oekumenische-energiegenossenschaft.de\/home\/wp-content\/uploads\/2022\/04\/OeEG-Beitrittserklaerung.pdf\">Eintrittserkl\u00e4rung<\/a> zu. Wir melden uns dann bei Ihnen.<\/p><\/div><\/div><\/div><div class=\"ea-card sp-ea-single\"><h3 class=\"ea-header\"><a class=\"collapsed\" id=\"ea-header-2241\" role=\"button\" data-sptoggle=\"spcollapse\" data-sptarget=\"#collapse2241\" aria-controls=\"collapse2241\" href=\"#\" aria-expanded=\"false\" tabindex=\"0\"><i aria-hidden=\"true\" role=\"presentation\" class=\"ea-expand-icon eap-icon-ea-expand-plus\"><\/i> Wie viel Geld brauche ich um Mitglied zu werden<\/a><\/h3><div class=\"sp-collapse spcollapse \" id=\"collapse2241\" data-parent=\"#sp-ea-224\" role=\"region\" aria-labelledby=\"ea-header-2241\"> <div class=\"ea-body\"><p>Sie k\u00f6nnen sich ab 100 Euro beteiligen. Schicken Sie uns einfach die <a href=\"http:\/\/www.oekumenische-energiegenossenschaft.de\/home\/wp-content\/uploads\/2022\/04\/OeEG-Beitrittserklaerung.pdf\">Beitrittserkl\u00e4rung<\/a> ausgef\u00fcllt und unterschrieben zu.<\/p><\/div><\/div><\/div><div class=\"ea-card sp-ea-single\"><h3 class=\"ea-header\"><a class=\"collapsed\" id=\"ea-header-2242\" role=\"button\" data-sptoggle=\"spcollapse\" data-sptarget=\"#collapse2242\" aria-controls=\"collapse2242\" href=\"#\" aria-expanded=\"false\" tabindex=\"0\"><i aria-hidden=\"true\" role=\"presentation\" class=\"ea-expand-icon eap-icon-ea-expand-plus\"><\/i> Welche Ziele hat die \u00d6EG<\/a><\/h3><div class=\"sp-collapse spcollapse \" id=\"collapse2242\" data-parent=\"#sp-ea-224\" role=\"region\" aria-labelledby=\"ea-header-2242\"> <div class=\"ea-body\"><p>Die \u00d6EG m\u00f6chte die Energiewende in den Kirchen in Baden-W\u00fcrttemberg voranbringen. Dazu unterst\u00fctzen\u00a0 wir die Einrichtungen vor Ort bei der Planung von PV-Anlagen und bringt das notwendige Investitionskapital mit.<\/p><\/div><\/div><\/div><div class=\"ea-card sp-ea-single\"><h3 class=\"ea-header\"><a class=\"collapsed\" id=\"ea-header-2243\" role=\"button\" data-sptoggle=\"spcollapse\" data-sptarget=\"#collapse2243\" aria-controls=\"collapse2243\" href=\"#\" aria-expanded=\"false\" tabindex=\"0\"><i aria-hidden=\"true\" role=\"presentation\" class=\"ea-expand-icon eap-icon-ea-expand-plus\"><\/i> Was habe ich von einer Beteiligung?<\/a><\/h3><div class=\"sp-collapse spcollapse \" id=\"collapse2243\" data-parent=\"#sp-ea-224\" role=\"region\" aria-labelledby=\"ea-header-2243\"> <div class=\"ea-body\"><p>Sie leisten mit ihrem Anteil an der \u00d6EG einen Beitrag zu mehr Strom aus Photovoltaikanlagen. Jede 1.000 investierte Euro sparen ca. 500 kg CO2<\/p><\/div><\/div><\/div><div class=\"ea-card sp-ea-single\"><h3 class=\"ea-header\"><a class=\"collapsed\" id=\"ea-header-2244\" role=\"button\" data-sptoggle=\"spcollapse\" data-sptarget=\"#collapse2244\" aria-controls=\"collapse2244\" href=\"#\" aria-expanded=\"false\" tabindex=\"0\"><i aria-hidden=\"true\" role=\"presentation\" class=\"ea-expand-icon eap-icon-ea-expand-plus\"><\/i> Wie hoch ist die Dividende?<\/a><\/h3><div class=\"sp-collapse spcollapse \" id=\"collapse2244\" data-parent=\"#sp-ea-224\" role=\"region\" aria-labelledby=\"ea-header-2244\"> <div class=\"ea-body\"><p>Die letzten Jahre konnten wir keine Dividende aussch\u00fctten, sonder haben in unser Personal investiert. Grunds\u00e4tzlich wollen wir m\u00f6glichst bald wieder eine Dividende aussch\u00fctten. Wie es mit diesem Ziel ausieht, k\u00f6nnen Sie auf der j\u00e4hrlichen Generalversammlung erfahren.<\/p><\/div><\/div><\/div><div class=\"ea-card sp-ea-single\"><h3 class=\"ea-header\"><a class=\"collapsed\" id=\"ea-header-2245\" role=\"button\" data-sptoggle=\"spcollapse\" data-sptarget=\"#collapse2245\" aria-controls=\"collapse2245\" href=\"#\" aria-expanded=\"false\" tabindex=\"0\"><i aria-hidden=\"true\" role=\"presentation\" class=\"ea-expand-icon eap-icon-ea-expand-plus\"><\/i> Was muss ich als Mitglied machen?<\/a><\/h3><div class=\"sp-collapse spcollapse \" id=\"collapse2245\" data-parent=\"#sp-ea-224\" role=\"region\" aria-labelledby=\"ea-header-2245\"> <div class=\"ea-body\"><p>Sie haben als Mitglied keine Pflichten. Wir freuen uns, wenn Sie sich auf der j\u00e4hrlichen Generalversammlung beteiligen. Dar\u00fcber hinaus k\u00f6nnen Sie immer Werbung f\u00fcr die \u00d6EG machen und sich an Aktionen die wir im Newsletter ank\u00fcndigen beteiligen.<\/p><\/div><\/div><\/div><div class=\"ea-card sp-ea-single\"><h3 class=\"ea-header\"><a class=\"collapsed\" id=\"ea-header-2246\" role=\"button\" data-sptoggle=\"spcollapse\" data-sptarget=\"#collapse2246\" aria-controls=\"collapse2246\" href=\"#\" aria-expanded=\"false\" tabindex=\"0\"><i aria-hidden=\"true\" role=\"presentation\" class=\"ea-expand-icon eap-icon-ea-expand-plus\"><\/i> Wann wurde die \u00d6EG gegr\u00fcndet<\/a><\/h3><div class=\"sp-collapse spcollapse \" id=\"collapse2246\" data-parent=\"#sp-ea-224\" role=\"region\" aria-labelledby=\"ea-header-2246\"> <div class=\"ea-body\"><p>Die \u00d6kumenische Energiegenossenschaft wurde 2009 gegr\u00fcndet<\/p><\/div><\/div><\/div><div class=\"ea-card sp-ea-single\"><h3 class=\"ea-header\"><a class=\"collapsed\" id=\"ea-header-2247\" role=\"button\" data-sptoggle=\"spcollapse\" data-sptarget=\"#collapse2247\" aria-controls=\"collapse2247\" href=\"#\" aria-expanded=\"false\" tabindex=\"0\"><i aria-hidden=\"true\" role=\"presentation\" class=\"ea-expand-icon eap-icon-ea-expand-plus\"><\/i> Was ist der Gewinn f\u00fcr die Genossenschaft?<\/a><\/h3><div class=\"sp-collapse spcollapse \" id=\"collapse2247\" data-parent=\"#sp-ea-224\" role=\"region\" aria-labelledby=\"ea-header-2247\"> <div class=\"ea-body\"><p>Ziel der Genossenschaft ist es nicht nur das angelegte Geld der Mitglieder haush\u00e4lterisch zu verwalten und eine bescheidene Rendite zu erwirtschaften, sondern vor allem den Ausbau der erneuerbaren Energie im kirchlichen Bereich voranzubringen. Dar\u00fcber hinaus m\u00f6chten wir auch zur Besch\u00e4ftigung in gr\u00fcnen Jobs beitragen.<\/p><\/div><\/div><\/div><\/div><\/div>\n\n\n\n<h2 class=\"wp-block-heading\" id=\"FAQ-Photovoltaik\">zu Photovoltaik<\/h2>\n\n\n<style>#sp-ea-233 .spcollapsing { height: 0; overflow: hidden; transition-property: height;transition-duration: 300ms;}#sp-ea-233.sp-easy-accordion>.sp-ea-single {margin-bottom: 10px; border: 1px solid #e2e2e2; }#sp-ea-233.sp-easy-accordion>.sp-ea-single>.ea-header a {color: #444;}#sp-ea-233.sp-easy-accordion>.sp-ea-single>.sp-collapse>.ea-body {background: #fff; color: #444;}#sp-ea-233.sp-easy-accordion>.sp-ea-single {background: #eee;}#sp-ea-233.sp-easy-accordion>.sp-ea-single>.ea-header a .ea-expand-icon { float: left; color: #444;font-size: 16px;}<\/style><div id=\"sp_easy_accordion-1777533181\"><div id=\"sp-ea-233\" class=\"sp-ea-one sp-easy-accordion\" data-ea-active=\"ea-click\" data-ea-mode=\"vertical\" data-preloader=\"\" data-scroll-active-item=\"\" data-offset-to-scroll=\"0\"><div class=\"ea-card ea-expand sp-ea-single\"><h3 class=\"ea-header\"><a class=\"collapsed\" id=\"ea-header-2330\" role=\"button\" data-sptoggle=\"spcollapse\" data-sptarget=\"#collapse2330\" aria-controls=\"collapse2330\" href=\"#\" aria-expanded=\"true\" tabindex=\"0\"><i aria-hidden=\"true\" role=\"presentation\" class=\"ea-expand-icon eap-icon-ea-expand-minus\"><\/i> Was bringt eine Photovoltaik-Anlage?<\/a><\/h3><div class=\"sp-collapse spcollapse collapsed show\" id=\"collapse2330\" data-parent=\"#sp-ea-233\" role=\"region\" aria-labelledby=\"ea-header-2330\"> <div class=\"ea-body\"><p>Eine Solarstrom-Anlage von 10 kWp Leistung (ca.100 qm Fl\u00e4che) erbringt einen Stromertrag von ca. 10.000 kWh, wenn sie nach S\u00fcden ausgerichtet ist. Die Kirchen in Baden-W\u00fcrttemberg verbrauchen pro Jahr etwa 500 Millionen kWh und verantworten damit 350.000 t Klima sch\u00e4digendes Kohlendioxid.\u00a0 Da ist diese PV-Anlage ein Tropfen auf den hei\u00dfen Stein, aber viele Tropfen und ein energiesparendes Verhalten schaffen eine klimafreundliche Kirche.<\/p><\/div><\/div><\/div><div class=\"ea-card sp-ea-single\"><h3 class=\"ea-header\"><a class=\"collapsed\" id=\"ea-header-2331\" role=\"button\" data-sptoggle=\"spcollapse\" data-sptarget=\"#collapse2331\" aria-controls=\"collapse2331\" href=\"#\" aria-expanded=\"false\" tabindex=\"0\"><i aria-hidden=\"true\" role=\"presentation\" class=\"ea-expand-icon eap-icon-ea-expand-plus\"><\/i> Wie funktioniert eine PV-Anlage<\/a><\/h3><div class=\"sp-collapse spcollapse \" id=\"collapse2331\" data-parent=\"#sp-ea-233\" role=\"region\" aria-labelledby=\"ea-header-2331\"> <div class=\"ea-body\"><p>Die Strahlungsenergie der Sonne wird in den Solarzellen der Solarmodule in Strom gewandelt indem die Elektronen im Silizium angeregt werden. Diesen Gleichstrom ver\u00e4ndert der Wechselrichter in Wechselstrom, der die gleiche Qualit\u00e4t hat wie der Strom aus der Steckdose.<\/p><p>Weitere Informationen erhalten Sie auf der Seite von <a href=\"https:\/\/www.volker-quaschning.de\/FAQ\/PV\/index.php#PV-001\">Prof. Quaschning an der HTW Berlin<\/a>:<\/p><\/div><\/div><\/div><div class=\"ea-card sp-ea-single\"><h3 class=\"ea-header\"><a class=\"collapsed\" id=\"ea-header-2332\" role=\"button\" data-sptoggle=\"spcollapse\" data-sptarget=\"#collapse2332\" aria-controls=\"collapse2332\" href=\"#\" aria-expanded=\"false\" tabindex=\"0\"><i aria-hidden=\"true\" role=\"presentation\" class=\"ea-expand-icon eap-icon-ea-expand-plus\"><\/i> Ich m\u00f6chte mehr wissen zu Photovoltaik?<\/a><\/h3><div class=\"sp-collapse spcollapse \" id=\"collapse2332\" data-parent=\"#sp-ea-233\" role=\"region\" aria-labelledby=\"ea-header-2332\"> <div class=\"ea-body\"><p>Hier finden Sie umfanreiche Informationen zur Photovoltaik<\/p><p><a href=\"https:\/\/www.ise.fraunhofer.de\/de\/veroeffentlichungen\/studien\/aktuelle-fakten-zur-photovoltaik-in-deutschland.html\">https:\/\/www.ise.fraunhofer.de\/de\/veroeffentlichungen\/studien\/aktuelle-fakten-zur-photovoltaik-in-deutschland.html<\/a><\/p><\/div><\/div><\/div><\/div><\/div>\n\n\n\n<h2 class=\"wp-block-heading\" id=\"FAQ-Kooperation\">zur Kooperation<\/h2>\n\n\n<style>#sp-ea-238 .spcollapsing { height: 0; overflow: hidden; transition-property: height;transition-duration: 300ms;}#sp-ea-238.sp-easy-accordion>.sp-ea-single {margin-bottom: 10px; border: 1px solid #e2e2e2; }#sp-ea-238.sp-easy-accordion>.sp-ea-single>.ea-header a {color: #444;}#sp-ea-238.sp-easy-accordion>.sp-ea-single>.sp-collapse>.ea-body {background: #fff; color: #444;}#sp-ea-238.sp-easy-accordion>.sp-ea-single {background: #eee;}#sp-ea-238.sp-easy-accordion>.sp-ea-single>.ea-header a .ea-expand-icon { float: left; color: #444;font-size: 16px;}<\/style><div id=\"sp_easy_accordion-1777533181\"><div id=\"sp-ea-238\" class=\"sp-ea-one sp-easy-accordion\" data-ea-active=\"ea-click\" data-ea-mode=\"vertical\" data-preloader=\"\" data-scroll-active-item=\"\" data-offset-to-scroll=\"0\"><div class=\"ea-card ea-expand sp-ea-single\"><h3 class=\"ea-header\"><a class=\"collapsed\" id=\"ea-header-2380\" role=\"button\" data-sptoggle=\"spcollapse\" data-sptarget=\"#collapse2380\" aria-controls=\"collapse2380\" href=\"#\" aria-expanded=\"true\" tabindex=\"0\"><i aria-hidden=\"true\" role=\"presentation\" class=\"ea-expand-icon eap-icon-ea-expand-minus\"><\/i> Wieso betreibt die Kirchengemeinde die Anlage nicht einfach selber?<\/a><\/h3><div class=\"sp-collapse spcollapse collapsed show\" id=\"collapse2380\" data-parent=\"#sp-ea-238\" role=\"region\" aria-labelledby=\"ea-header-2380\"> <div class=\"ea-body\"><p>Das ist nat\u00fcrlich m\u00f6glich. Wir beraten Sie auch gerne unabh\u00e4nig von der Umsetzung einer PV-Anlage. Wir bringen neben\u00a0 den finanziellen Mitteln auch die personellen Kapazit\u00e4ten mit um ein Projekt erfolgreich umzusetzten.<\/p><\/div><\/div><\/div><div class=\"ea-card sp-ea-single\"><h3 class=\"ea-header\"><a class=\"collapsed\" id=\"ea-header-2381\" role=\"button\" data-sptoggle=\"spcollapse\" data-sptarget=\"#collapse2381\" aria-controls=\"collapse2381\" href=\"#\" aria-expanded=\"false\" tabindex=\"0\"><i aria-hidden=\"true\" role=\"presentation\" class=\"ea-expand-icon eap-icon-ea-expand-plus\"><\/i> Was muss dann die Kirchengemeinde\/Einrichtung alles bieten, au\u00dfer dem passenden Dach?<\/a><\/h3><div class=\"sp-collapse spcollapse \" id=\"collapse2381\" data-parent=\"#sp-ea-238\" role=\"region\" aria-labelledby=\"ea-header-2381\"> <div class=\"ea-body\"><p>Wir brauchen eine*n Ansprechpartern*in vor Ort und die Motivation das Projekt voranzubringen.<\/p><\/div><\/div><\/div><div class=\"ea-card sp-ea-single\"><h3 class=\"ea-header\"><a class=\"collapsed\" id=\"ea-header-2382\" role=\"button\" data-sptoggle=\"spcollapse\" data-sptarget=\"#collapse2382\" aria-controls=\"collapse2382\" href=\"#\" aria-expanded=\"false\" tabindex=\"0\"><i aria-hidden=\"true\" role=\"presentation\" class=\"ea-expand-icon eap-icon-ea-expand-plus\"><\/i> Was hat die Kirchengemeinde\/Einrichtung von einer Solarstrom-Anlage?<\/a><\/h3><div class=\"sp-collapse spcollapse \" id=\"collapse2382\" data-parent=\"#sp-ea-238\" role=\"region\" aria-labelledby=\"ea-header-2382\"> <div class=\"ea-body\"><p>Die installierte Solaranlage zeigt, was die Sonne leistet und macht deutlich, dass sich Produktion und Konsum in die Natur einklinken k\u00f6nnen. Sch\u00f6pfungsbewahrung und eine nachhaltige Klimakultur werden zum Gemeinde- und Institutionsgespr\u00e4ch \u2013 und Kirche geht voran.<\/p><p>In der Regel ist der Strom aus der Photovoltaikanlage g\u00fcnstiger als der Strom aus dem \u00f6ffentlichen Netz.<\/p><\/div><\/div><\/div><div class=\"ea-card sp-ea-single\"><h3 class=\"ea-header\"><a class=\"collapsed\" id=\"ea-header-2383\" role=\"button\" data-sptoggle=\"spcollapse\" data-sptarget=\"#collapse2383\" aria-controls=\"collapse2383\" href=\"#\" aria-expanded=\"false\" tabindex=\"0\"><i aria-hidden=\"true\" role=\"presentation\" class=\"ea-expand-icon eap-icon-ea-expand-plus\"><\/i> Wie l\u00e4uft ein Projekte ab?<\/a><\/h3><div class=\"sp-collapse spcollapse \" id=\"collapse2383\" data-parent=\"#sp-ea-238\" role=\"region\" aria-labelledby=\"ea-header-2383\"> <div class=\"ea-body\"><ol><li>Den Anfang macht eine Checkliste die Sie ausf\u00fcllen und f\u00fcr uns sehr hilfreich ist um das Projekt einzusch\u00e4tzen.<\/li><li>Wenn das Dach geeignet scheint, kommen wir zu Ihnen vor Ort und schauen und die M\u00f6glichkeiten gemeinsam an<\/li><li>Wir pr\u00fcfen die technisch Machbarkeit des Projektes<\/li><li>Wir sch\u00e4tzen die Kosten m\u00f6glichst genau ab.<\/li><li>Wir erstellen Ihnen eine Berechnung \u00fcber Kosten, Stromertrag und CO2-Einsparung<\/li><li>Sie entscheiden sich f\u00fcr das Projekt<\/li><li>Wir erstellen die PV-Anlage<\/li><\/ol><\/div><\/div><\/div><\/div><\/div>\n\n\n\n<p><\/p>\n","protected":false},"excerpt":{"rendered":"<p>zur Genossenschaft zu Photovoltaik zur Kooperation<\/p>\n","protected":false},"author":1,"featured_media":0,"parent":0,"menu_order":0,"comment_status":"closed","ping_status":"closed","template":"","meta":{"footnotes":""},"class_list":["post-220","page","type-page","status-publish","hentry"],"_links":{"self":[{"href":"https:\/\/www.oekumenische-energiegenossenschaft.de\/home\/wp-json\/wp\/v2\/pages\/220","targetHints":{"allow":["GET"]}}],"collection":[{"href":"https:\/\/www.oekumenische-energiegenossenschaft.de\/home\/wp-json\/wp\/v2\/pages"}],"about":[{"href":"https:\/\/www.oekumenische-energiegenossenschaft.de\/home\/wp-json\/wp\/v2\/types\/page"}],"author":[{"embeddable":true,"href":"https:\/\/www.oekumenische-energiegenossenschaft.de\/home\/wp-json\/wp\/v2\/users\/1"}],"replies":[{"embeddable":true,"href":"https:\/\/www.oekumenische-energiegenossenschaft.de\/home\/wp-json\/wp\/v2\/comments?post=220"}],"version-history":[{"count":7,"href":"https:\/\/www.oekumenische-energiegenossenschaft.de\/home\/wp-json\/wp\/v2\/pages\/220\/revisions"}],"predecessor-version":[{"id":241,"href":"https:\/\/www.oekumenische-energiegenossenschaft.de\/home\/wp-json\/wp\/v2\/pages\/220\/revisions\/241"}],"wp:attachment":[{"href":"https:\/\/www.oekumenische-energiegenossenschaft.de\/home\/wp-json\/wp\/v2\/media?parent=220"}],"curies":[{"name":"wp","href":"https:\/\/api.w.org\/{rel}","templated":true}]}}